{"id":1222,"date":"2025-02-25T20:37:30","date_gmt":"2025-02-25T19:37:30","guid":{"rendered":"https:\/\/lesamaj.cz\/2025\/?page_id=1222"},"modified":"2025-03-03T09:18:17","modified_gmt":"2025-03-03T08:18:17","slug":"minule-rocniky","status":"publish","type":"page","link":"https:\/\/lesamaj.cz\/index.php\/minule-rocniky\/","title":{"rendered":"Minul\u00e9 ro\u010dn\u00edky"},"content":{"rendered":"\n<div class=\"wp-block-columns is-layout-flex wp-container-core-columns-is-layout-28f84493 wp-block-columns-is-layout-flex\">\n<div class=\"wp-block-column is-layout-flow wp-block-column-is-layout-flow\" style=\"flex-basis:50%\">\n<h1 class=\"wp-block-heading has-custom-green-color has-text-color has-link-color wp-elements-3507591055f3558d70540bf73e2cc4c6\">Minul\u00e9 ro\u010dn\u00edky<\/h1>\n<\/div>\n\n\n\n<div class=\"wp-block-column is-layout-flow wp-block-column-is-layout-flow\" style=\"flex-basis:50%\"><\/div>\n<\/div>\n\n\n\n<div style=\"background-image:url(&apos;https:\/\/lesamaj.cz\/2025\/wp-content\/uploads\/2025\/02\/donut_yellow_10x.png&apos;);background-position:50% 50%;background-repeat:no-repeat;background-size:1000px;\" class=\"wp-block-group alignfull wp-block-section nym_2018 nym_rok has-custom-blue-background-color has-background is-layout-constrained wp-block-group-is-layout-constrained\">\n<div class=\"wp-block-group is-layout-constrained wp-block-group-is-layout-constrained\">\n<div class=\"wp-block-group is-layout-constrained wp-block-group-is-layout-constrained\">\n<div class=\"wp-block-columns is-layout-flex wp-container-core-columns-is-layout-28f84493 wp-block-columns-is-layout-flex\">\n<div class=\"wp-block-column is-layout-flow wp-block-column-is-layout-flow\" style=\"flex-basis:25%\">\n<h2 class=\"wp-block-heading\">ro\u010dn\u00edk<br>2018<\/h2>\n<\/div>\n\n\n\n<div class=\"wp-block-column text-columns is-layout-flow wp-block-column-is-layout-flow\" style=\"flex-basis:75%\">\n<p>Prvn\u00ed ro\u010dn\u00edk byl ve znamen\u00ed \u00fastupk\u016f a konsenz\u016f tak, abychom co nejl\u00e9pe demonstrovali na\u0161e n\u00e1zory a p\u0159edstavy o maj\u00e1lesov\u00fdch oslav\u00e1ch. V\u011bd\u011bli jsme, \u017ee si chceme co nejv\u00edce v\u011bc\u00ed za\u0159\u00eddit a vytvo\u0159it sami, b\u00fdti rozmanit\u00fdm, pro studenty p\u0159\u00edv\u011btiv\u00fdm maj\u00e1lesem a samoz\u0159ejm\u011b m\u00edt vstup pro n\u00e1v\u0161t\u011bvn\u00edky zdarma. To v\u0161e bez komerce, sponzor\u016f a zprost\u0159edkovatel\u016f. V r\u00e1mci vlastn\u00ed tvorby jsme vlastnoru\u010dn\u011b postavili z d\u0159ev\u011bn\u00fdch palet posezen\u00ed a bary, a to dle n\u00e1vrh\u016f student\u016f stavebn\u00edch obor\u016f a architektury. Are\u00e1l jsme ozdobili z\u00e1plavou kv\u011btin, nevzhledn\u00e1 k\u0159ov\u00ed\u010dka p\u0159etvo\u0159ili na k\u0159ov\u00ed\u010dka t\u00e9matick\u00e1, instalovali jsme neviditelnou v\u00fdstavu a barevn\u011b o\u017eivili cesti\u010dky i prostor p\u011b\u0161\u00ed z\u00f3ny. V r\u00e1mci maj\u00e1lesov\u00fdch oslav jsme si cht\u011bli, jak je zvykem, zvolit vlastn\u00edho z\u00e1stupce, v\u016fdce, kr\u00e1le, jeho\u017e titul jsme nazvali Veli\u010denstvo Lesam\u00e1je. Pro rok 2018 se j\u00edm stal Radek Bene\u0161 z V\u0160CHT Praha. Program sv\u00fdm hudebn\u00edm vystoupen\u00edm naplnili nap\u0159\u00edklad Minikapela, Brass Avenue a N\u00e8ro Scartch, divadeln\u00ed performanc\u00ed Maso kr\u016ft\u00ed \u010di Chempro. Studentsk\u00e9 spolky si pro n\u00e1v\u0161t\u011bvn\u00edky p\u0159ipravily hlavolamy, tvorbu \u010delenek z kytek, p\u0159\u00edpravu vafl\u00ed nebo Lesam\u00e1jov\u00e9 svatby. P\u0159esn\u00fd recept na uva\u0159en\u00ed Lesam\u00e1je jsme sice nem\u011bli, ale i tak dopadl prvn\u00ed ro\u010dn\u00edk nad v\u0161echna na\u0161e o\u010dek\u00e1v\u00e1n\u00ed dob\u0159e.<\/p>\n<\/div>\n<\/div>\n<\/div>\n<\/div>\n<\/div>\n\n\n\n<div class=\"wp-block-group alignfull wp-block-section nym_2019 nym_rok has-custom-yellow-background-color has-background is-layout-constrained wp-block-group-is-layout-constrained\">\n<div class=\"wp-block-group is-layout-constrained wp-block-group-is-layout-constrained\">\n<div class=\"wp-block-group is-layout-constrained wp-block-group-is-layout-constrained\">\n<div class=\"wp-block-columns is-layout-flex wp-container-core-columns-is-layout-28f84493 wp-block-columns-is-layout-flex\">\n<div class=\"wp-block-column text-columns is-layout-flow wp-block-column-is-layout-flow\" style=\"flex-basis:75%\">\n<p>Studenti student\u016fm. P\u0159esn\u011b tahle v\u011bta se stala symbolickou pro druh\u00fd ro\u010dn\u00edk na\u0161ich maj\u00e1lesov\u00fdch oslav. P\u0159etvo\u0159ili jsme koncept volby Veli\u010denstva Lesam\u00e1je tak, aby v\u00edce odpov\u00eddal na\u0161emu studentsk\u00e9mu vn\u00edm\u00e1n\u00ed sv\u011bta. Za ka\u017edou vysokou \u0161kolu a v\u011bdeckou instituci z Kampusu Dejvice byl zvolen jeden student, kter\u00fd se mimo sv\u00e9 \u0161koln\u00ed povinnosti v\u011bnuje i n\u011bjak\u00e9 spole\u010densky p\u0159\u00ednosn\u00e9 aktivit\u011b. Titulem Veli\u010denstvo Lesam\u00e1je byli pro rok 2019 ocen\u011bni: Eli\u0161ka Hrd\u00e1 (V\u0160CHT Praha), Adam Jaro\u0161 (\u00daOCHB AV \u010cR), Al\u017eb\u011bta Vachelov\u00e1 (\u010cVUT v Praze) a Mark\u00e9ta Kova\u0159\u00edkov\u00e1 (KTF UK v Praze). Stavbu posezen\u00ed a bar\u016f jsme posunuli zase o level v\u00fd\u0161 a postavili jsme nap\u0159\u00edklad i n\u00e1v\u0161t\u011bvn\u00edky obl\u00edbenou houpa\u010dku. To v\u0161e jsme vyzdobili pap\u00edrov\u00fdmi kv\u011btinami a vlaje\u010dkami propojuj\u00edc\u00edmi cel\u00fd are\u00e1l. Zahr\u00e1li n\u00e1m takov\u00e9 pecky jako VEES, Green Sm\u00e5troll nebo V\u011bc Makropulos. Na divadeln\u00ed sc\u00e9n\u011b se objevil Martin Hak, Rudolf Hancvencl \u010di skupina D\u011bv\u010d\u00e1tko a sle\u010dny. Do programu bylo zahrnuto nov\u011b i autorsk\u00e9 \u010dten\u00ed v pod\u00e1n\u00ed mimokampusov\u00fdch student\u016f, a tak\u00e9 workshopy j\u00f3gy, swingu \u010di upcyclingu. Rozrostlo se i zastoupen\u00ed studentsk\u00fdch spolk\u016f a organizac\u00ed, a tak bylo ve studentsk\u00e9 vesni\u010dce cel\u00e9 odpoledne ru\u0161no. N\u00e1v\u0161t\u011bvn\u00edci si mohli vytvo\u0159it s\u00e1\u010dky na ovoce, bro\u017e ze star\u00fdch elektrosou\u010d\u00e1stek \u010di si zahr\u00e1t stoln\u00ed fotb\u00e1lek nebo t\u0159eba deskov\u00e9 hry. B\u011bhem druh\u00e9ho ro\u010dn\u00edku nastala spousta zm\u011bn a my, studenti, jsme z\u00edskali op\u011bt nov\u00e9, drahocenn\u00e9 zku\u0161enosti.<\/p>\n<\/div>\n\n\n\n<div class=\"wp-block-column is-layout-flow wp-block-column-is-layout-flow\" style=\"flex-basis:25%\">\n<h2 class=\"wp-block-heading has-text-align-right\">ro\u010dn\u00edk<br>2019<\/h2>\n<\/div>\n<\/div>\n<\/div>\n<\/div>\n<\/div>\n\n\n\n<div class=\"wp-block-group alignfull wp-block-section nym_2021 nym_rok has-text-link-background-color has-background is-layout-constrained wp-block-group-is-layout-constrained\">\n<div class=\"wp-block-group is-layout-constrained wp-block-group-is-layout-constrained\">\n<div class=\"wp-block-group is-layout-constrained wp-block-group-is-layout-constrained\">\n<div class=\"wp-block-columns is-layout-flex wp-container-core-columns-is-layout-28f84493 wp-block-columns-is-layout-flex\">\n<div class=\"wp-block-column is-layout-flow wp-block-column-is-layout-flow\" style=\"flex-basis:25%\">\n<h2 class=\"wp-block-heading\">ro\u010dn\u00edk<br>2021<\/h2>\n<\/div>\n\n\n\n<div class=\"wp-block-column text-columns is-layout-flow wp-block-column-is-layout-flow\" style=\"flex-basis:75%\">\n<p>Studenti student\u016fm. P\u0159esn\u011b tahle v\u011bta se stala symbolickou pro druh\u00fd ro\u010dn\u00edk na\u0161ich maj\u00e1lesov\u00fdch oslav. P\u0159etvo\u0159ili jsme koncept volby Veli\u010denstva Lesam\u00e1je tak, aby v\u00edce odpov\u00eddal na\u0161emu studentsk\u00e9mu vn\u00edm\u00e1n\u00ed sv\u011bta. Za ka\u017edou vysokou \u0161kolu a v\u011bdeckou instituci z Kampusu Dejvice byl zvolen jeden student, kter\u00fd se mimo sv\u00e9 \u0161koln\u00ed povinnosti v\u011bnuje i n\u011bjak\u00e9 spole\u010densky p\u0159\u00ednosn\u00e9 aktivit\u011b. Titulem Veli\u010denstvo Lesam\u00e1je byli pro rok 2019 ocen\u011bni: Eli\u0161ka Hrd\u00e1 (V\u0160CHT Praha), Adam Jaro\u0161 (\u00daOCHB AV \u010cR), Al\u017eb\u011bta Vachelov\u00e1 (\u010cVUT v Praze) a Mark\u00e9ta Kova\u0159\u00edkov\u00e1 (KTF UK v Praze). Stavbu posezen\u00ed a bar\u016f jsme posunuli zase o level v\u00fd\u0161 a postavili jsme nap\u0159\u00edklad i n\u00e1v\u0161t\u011bvn\u00edky obl\u00edbenou houpa\u010dku. To v\u0161e jsme vyzdobili pap\u00edrov\u00fdmi kv\u011btinami a vlaje\u010dkami propojuj\u00edc\u00edmi cel\u00fd are\u00e1l. Zahr\u00e1li n\u00e1m takov\u00e9 pecky jako VEES, Green Sm\u00e5troll nebo V\u011bc Makropulos. Na divadeln\u00ed sc\u00e9n\u011b se objevil Martin Hak, Rudolf Hancvencl \u010di skupina D\u011bv\u010d\u00e1tko a sle\u010dny. Do programu bylo zahrnuto nov\u011b i autorsk\u00e9 \u010dten\u00ed v pod\u00e1n\u00ed mimokampusov\u00fdch student\u016f, a tak\u00e9 workshopy j\u00f3gy, swingu \u010di upcyclingu. Rozrostlo se i zastoupen\u00ed studentsk\u00fdch spolk\u016f a organizac\u00ed, a tak bylo ve studentsk\u00e9 vesni\u010dce cel\u00e9 odpoledne ru\u0161no. N\u00e1v\u0161t\u011bvn\u00edci si mohli vytvo\u0159it s\u00e1\u010dky na ovoce, bro\u017e ze star\u00fdch elektrosou\u010d\u00e1stek \u010di si zahr\u00e1t stoln\u00ed fotb\u00e1lek nebo t\u0159eba deskov\u00e9 hry. B\u011bhem druh\u00e9ho ro\u010dn\u00edku nastala spousta zm\u011bn a my, studenti, jsme z\u00edskali op\u011bt nov\u00e9, drahocenn\u00e9 zku\u0161enosti.<\/p>\n<\/div>\n<\/div>\n<\/div>\n<\/div>\n<\/div>\n","protected":false},"excerpt":{"rendered":"<p>Minul\u00e9 ro\u010dn\u00edky ro\u010dn\u00edk2018 Prvn\u00ed ro\u010dn\u00edk byl ve znamen\u00ed \u00fastupk\u016f a konsenz\u016f tak, abychom co nejl\u00e9pe demonstrovali na\u0161e n\u00e1zory a p\u0159edstavy o maj\u00e1lesov\u00fdch oslav\u00e1ch. V\u011bd\u011bli jsme, \u017ee si chceme co nejv\u00edce v\u011bc\u00ed za\u0159\u00eddit a vytvo\u0159it sami, b\u00fdti rozmanit\u00fdm, pro studenty p\u0159\u00edv\u011btiv\u00fdm maj\u00e1lesem a samoz\u0159ejm\u011b m\u00edt vstup pro n\u00e1v\u0161t\u011bvn\u00edky zdarma. To v\u0161e bez komerce, sponzor\u016f a zprost\u0159edkovatel\u016f. [&hellip;]<\/p>\n","protected":false},"author":1,"featured_media":0,"parent":0,"menu_order":3,"comment_status":"closed","ping_status":"closed","template":"","meta":{"ngg_post_thumbnail":0,"footnotes":""},"class_list":["post-1222","page","type-page","status-publish","hentry"],"jetpack_sharing_enabled":true,"_links":{"self":[{"href":"https:\/\/lesamaj.cz\/index.php\/wp-json\/wp\/v2\/pages\/1222","targetHints":{"allow":["GET"]}}],"collection":[{"href":"https:\/\/lesamaj.cz\/index.php\/wp-json\/wp\/v2\/pages"}],"about":[{"href":"https:\/\/lesamaj.cz\/index.php\/wp-json\/wp\/v2\/types\/page"}],"author":[{"embeddable":true,"href":"https:\/\/lesamaj.cz\/index.php\/wp-json\/wp\/v2\/users\/1"}],"replies":[{"embeddable":true,"href":"https:\/\/lesamaj.cz\/index.php\/wp-json\/wp\/v2\/comments?post=1222"}],"version-history":[{"count":30,"href":"https:\/\/lesamaj.cz\/index.php\/wp-json\/wp\/v2\/pages\/1222\/revisions"}],"predecessor-version":[{"id":1809,"href":"https:\/\/lesamaj.cz\/index.php\/wp-json\/wp\/v2\/pages\/1222\/revisions\/1809"}],"wp:attachment":[{"href":"https:\/\/lesamaj.cz\/index.php\/wp-json\/wp\/v2\/media?parent=1222"}],"curies":[{"name":"wp","href":"https:\/\/api.w.org\/{rel}","templated":true}]}}